{"id":9,"date":"2023-09-22T20:33:47","date_gmt":"2023-09-22T18:33:47","guid":{"rendered":"https:\/\/khd.hu\/?page_id=9"},"modified":"2025-09-12T21:26:29","modified_gmt":"2025-09-12T19:26:29","slug":"megjelenesek","status":"publish","type":"page","link":"https:\/\/khd.hu\/?page_id=9","title":{"rendered":"Megjelen\u00e9sek"},"content":{"rendered":"\n<h2 class=\"wp-block-heading\">Antol\u00f3gia<\/h2>\n\n\n\n<ul class=\"wp-block-list\">\n<li><strong>Kl\u00f3n<\/strong>, Eml\u00e9kk\u00e9k \u2013 <em>Mer\u00edt\u00e9s antol\u00f3gia 2024<\/em>, <a href=\"https:\/\/moly.hu\/kiadok\/talentum-house\">Talentum House<\/a>, 2023, szerkeszt\u0151: Kany\u00f3 Ferenc, Kopp\u00e1ny T\u00edmea, Nagy Judit \u00c1fonya<\/li>\n\n\n\n<li><strong>\u00d6r\u00f6k m\u0171szak<\/strong>, \u00d6r\u00f6kk\u00e9k \u2013 <em>Mer\u00edt\u00e9s antol\u00f3gia 2023<\/em>, <a href=\"https:\/\/moly.hu\/kiadok\/talentum-house\">Talentum House<\/a>, 2023, szerkeszt\u0151: Kany\u00f3 Ferenc, Kopp\u00e1ny T\u00edmea, Nagy Judit \u00c1fonya<\/li>\n\n\n\n<li><strong>Levi<\/strong>, V\u00e9rmes\u00e9k \u2013 <em>2022 legjobb horrornovellist\u00e1i<\/em>, <a href=\"https:\/\/moly.hu\/kiadok\/marysol\">Marysol<\/a>, 2022, szerkeszt\u0151: S\u00e1rv\u00e1ri G\u00e9za, Koml\u00f3ssy Vera<\/li>\n\n\n\n<li><strong>M\u00e1sholorsz\u00e1g<\/strong>, Valami tavasz, <a href=\"https:\/\/moly.hu\/kiadok\/litera-tura\">Litera-T\u00fara<\/a>, 2021, szerkeszt\u0151: Hajnal \u00c9va<\/li>\n\n\n\n<li><strong>Viharsz\u00edn<\/strong>, A mi mes\u00e9nk 1., 2020, szerkeszt\u0151: Z\u00f6ldi-Szab\u00f3&nbsp;\u00c9va<\/li>\n\n\n\n<li><strong>A munka \u00f6r\u00f6me<\/strong>, Sz\u00e1rnypr\u00f3b\u00e1lgat\u00f3k \u200b2019 \u2013 <em>Magyar anyanyelv\u0171 alkot\u00f3k orsz\u00e1gos antol\u00f3gi\u00e1ja<\/em>, <a href=\"https:\/\/moly.hu\/kiadok\/raszter\">Raszter<\/a>, 2019, szerkeszt\u0151:  G\u00f3g J\u00e1nos<\/li>\n\n\n\n<li><strong>Levi<\/strong>, \u00d6tsz\u00e1z \u200bszavas szil\u00e1nkok \u2013 <em>K\u00e9t \u00e9s f\u00e9lpercesek<\/em>, Mag\u00e1nkiad\u00e1s, 2019, szerkeszt\u0151: Tira Nael, Nov\u00e1k Zsuzsanna<\/li>\n\n\n\n<li><strong>A k\u0151v\u00e9 v\u00e1lt l\u00e1nyka<\/strong>, Mes\u00e9m \u2013 <em>Az \u00e9n mes\u00e9met adom neked!<\/em>, <a href=\"https:\/\/moly.hu\/kiadok\/rath-lepcso\">R\u00e1th L\u00e9pcs\u0151<\/a>, 2015, szerkeszt\u0151: Buz\u00e1s K\u00e1lm\u00e1n, Nagy Krisztina<\/li>\n\n\n\n<li><strong>L\u00e9pcs\u0151 utca<\/strong>, V\u00e1ndors\u00f3lyom \u200bKisasszony Vari\u00e1ci\u00f3k, Mag\u00e1nkiad\u00e1s, 2014, szerkeszt\u0151: Ambrus Attila J\u00f3zsef<\/li>\n\n\n\n<li><strong>T\u00fcnd\u00e9rvil\u00e1g<\/strong>, V\u00e1ndors\u00f3lyom \u200bKisasszony Vari\u00e1ci\u00f3k, Mag\u00e1nkiad\u00e1s, 2014, szerkeszt\u0151: Ambrus Attila J\u00f3zsef<\/li>\n\n\n\n<li><strong>Kl\u00e1ra mes\u00e9je<\/strong>, Tetov\u00e1lt \u200bmement\u00f3 \u2013 <em>V\u00e1logat\u00e1s a Moly.hu tagjainak \u00edr\u00e1saib\u00f3l<\/em>, Mag\u00e1nkiad\u00e1s, 2014, szerkeszt\u0151: Karsza Andi, Moln\u00e1r Nikolett<\/li>\n\n\n\n<li><strong>K\u00e9rem, vigy\u00e1zzanak, az ajt\u00f3k z\u00e1r\u00f3dnak!<\/strong>, \u0150rs\u00e9gv\u00e1lt\u00e1s&nbsp;\u2013 <em>Sci-Fi, horror novell\u00e1k<\/em>, <a href=\"https:\/\/moly.hu\/kiadok\/holnap-magazin\">Holnap Magazin<\/a>, 2013, szerkeszt\u0151: Bakos J\u00f3zsef, Kun J. Judit<\/li>\n<\/ul>\n\n\n\n<h2 class=\"wp-block-heading\">Foly\u00f3irat<\/h2>\n\n\n\n<ul class=\"wp-block-list\">\n<li><strong>Nem ma<\/strong>, Lid\u00e9rcf\u00e9ny amat\u0151r kultur\u00e1lis foly\u00f3irat (AKF), 2025, XVII. \u00e9vfolyam 7. sz\u00e1m<\/li>\n\n\n\n<li><strong>Alkot\u00e1s az alfen\u00e9ken, <\/strong>Lid\u00e9rcf\u00e9ny amat\u0151r kultur\u00e1lis foly\u00f3irat (AKF), 2025, XVII. \u00e9vfolyam 3. sz\u00e1m, szerkeszt\u0151: Bogn\u00e1r Zsolt<\/li>\n\n\n\n<li><strong>A h\u00f3nap dolgoz\u00f3ja<\/strong>, Lid\u00e9rcf\u00e9ny amat\u0151r kultur\u00e1lis foly\u00f3irat (AKF), 2025, XVII. \u00e9vfolyam 5. sz\u00e1m, szerkeszt\u0151: Bogn\u00e1r Zsolt<\/li>\n\n\n\n<li><strong><a href=\"http:\/\/opus-folyoirat.sk\/2024\/02\/08\/szerelmed-nem-vagyok-kezed-ugyeben-bot\/\" target=\"_blank\" rel=\"noopener\" title=\"\">Gege<\/a><\/strong>, Opus 2024\/1<\/li>\n\n\n\n<li><strong>Szort\u00edroz\u00e1s<\/strong>, Irodalomismeret 2023\/2.<\/li>\n\n\n\n<li><strong>Lajos<\/strong>, N\u00e9pszava (Nyitott mondat) 2023. janu\u00e1r 13., szerkeszt\u0151: R\u00e1cz I. P\u00e9ter<\/li>\n\n\n\n<li><strong><a href=\"http:\/\/www.lidercfeny.hu\/download\/akf\/2021\/lidercfeny_akf_202105.pdf\" target=\"_blank\" rel=\"noopener\" title=\"\">Sz\u00e9p hagyom\u00e1nyaink<\/a><\/strong>, Lid\u00e9rcf\u00e9ny amat\u0151r kultur\u00e1lis foly\u00f3irat, 2021, XIII. \u00e9vf. 5. sz\u00e1m, szerkeszt\u0151: Bogn\u00e1r Zsolt<\/li>\n\n\n\n<li><strong><a href=\"http:\/\/www.lidercfeny.hu\/download\/akf\/2021\/lidercfeny_akf_202104.pdf\" target=\"_blank\" rel=\"noopener\" title=\"\">A f\u00e9rfi, aki szerelemre v\u00e1gyott<\/a><\/strong>, Lid\u00e9rcf\u00e9ny amat\u0151r kultur\u00e1lis foly\u00f3irat, 2021, XIII. \u00e9vf. 4. sz\u00e1m, &nbsp;szerkeszt\u0151: Bogn\u00e1r Zsolt<\/li>\n\n\n\n<li><strong><a href=\"http:\/\/www.lidercfeny.hu\/download\/akf\/2021\/lidercfeny_akf_202103.pdf\" target=\"_blank\" rel=\"noopener\" title=\"\">Szerelemr\u0151l, zen\u00e9r\u0151l \u00e9s padokr\u00f3l<\/a><\/strong>, Lid\u00e9rcf\u00e9ny amat\u0151r kultur\u00e1lis foly\u00f3irat, 2021, XIII. \u00e9vf. 3. sz\u00e1m, szerkeszt\u0151: Bogn\u00e1r Zsolt<\/li>\n\n\n\n<li><strong><a href=\"http:\/\/www.lidercfeny.hu\/download\/akf\/2021\/lidercfeny_akf_202103.pdf\" target=\"_blank\" rel=\"noopener\" title=\"\">Fenyves<\/a><\/strong>, Lid\u00e9rcf\u00e9ny amat\u0151r kultur\u00e1lis foly\u00f3irat, 2021, XIII. \u00e9vf. 3. sz\u00e1m, szerkeszt\u0151: Bogn\u00e1r Zsolt<\/li>\n\n\n\n<li><strong><a href=\"http:\/\/www.lidercfeny.hu\/download\/akf\/2020\/lidercfeny_akf_202010.pdf\" target=\"_blank\" rel=\"noopener\" title=\"\">Miel\u0151tt<\/a><\/strong>, Lid\u00e9rcf\u00e9ny amat\u0151r kultur\u00e1lis foly\u00f3irat, 2020, XII. \u00e9vf. 10. sz\u00e1m, szerkeszt\u0151: Bogn\u00e1r Zsolt<\/li>\n\n\n\n<li><strong>Benned&nbsp;<\/strong>(vers), Lid\u00e9rcf\u00e9ny amat\u0151r kultur\u00e1lis foly\u00f3irat, 2014, VIII. \u00e9vf. 5. sz\u00e1m, szerkeszt\u0151: Bogn\u00e1r Zsolt<\/li>\n\n\n\n<li><strong>T\u00fcnd\u00e9rvil\u00e1g<\/strong>, Lid\u00e9rcf\u00e9ny amat\u0151r kultur\u00e1lis foly\u00f3irat, 2013, VII. \u00e9vf. 12. sz\u00e1m, szerkeszt\u0151: Bogn\u00e1r Zsolt<\/li>\n\n\n\n<li><strong>Kl\u00e1ra mes\u00e9je<\/strong>, Lid\u00e9rcf\u00e9ny amat\u0151r kultur\u00e1lis foly\u00f3irat, 2013, VII. \u00e9vf. 10. sz\u00e1m, szerkeszt\u0151: Bogn\u00e1r Zsolt<\/li>\n<\/ul>\n\n\n\n<h2 class=\"wp-block-heading\">Nyomtat\u00e1sban <\/h2>\n\n\n<div class=\"wp-block-image\">\n<figure class=\"aligncenter size-large is-resized\"><a href=\"https:\/\/novella.jcdecaux.hu\/UploadedImages\/gallery2022\/Kazo_Horvath_Dora_Erkezesek.jpg\" target=\"_blank\" rel=\"noreferrer noopener\"><img loading=\"lazy\" decoding=\"async\" width=\"693\" height=\"1024\" src=\"https:\/\/khd.hu\/wp-content\/uploads\/2023\/10\/Kazo_Horvath_Dora_Erkezesek-693x1024.jpg\" alt=\"\" class=\"wp-image-126\" style=\"width:229px;height:338px\" srcset=\"https:\/\/khd.hu\/wp-content\/uploads\/2023\/10\/Kazo_Horvath_Dora_Erkezesek-693x1024.jpg 693w, https:\/\/khd.hu\/wp-content\/uploads\/2023\/10\/Kazo_Horvath_Dora_Erkezesek-203x300.jpg 203w, https:\/\/khd.hu\/wp-content\/uploads\/2023\/10\/Kazo_Horvath_Dora_Erkezesek-768x1135.jpg 768w, https:\/\/khd.hu\/wp-content\/uploads\/2023\/10\/Kazo_Horvath_Dora_Erkezesek-300x443.jpg 300w, https:\/\/khd.hu\/wp-content\/uploads\/2023\/10\/Kazo_Horvath_Dora_Erkezesek.jpg 800w\" sizes=\"auto, (max-width: 693px) 100vw, 693px\" \/><\/a><\/figure>\n<\/div>\n\n\n<p><\/p>\n\n\n\n<ul class=\"wp-block-list\">\n<li><strong><a href=\"https:\/\/novella.jcdecaux.hu\/hu\/dontosok\/novella-143.html\" target=\"_blank\" rel=\"noopener\" title=\"\">\u00c9rkez\u00e9sek<\/a><\/strong>, <em>\u00c1lljon meg egy novell\u00e1ra!<\/em> irodalmi p\u00e1ly\u00e1zat d\u00f6nt\u0151s alkot\u00e1sa, plak\u00e1tmegjelen\u00e9s<\/li>\n<\/ul>\n\n\n\n<h2 class=\"wp-block-heading\">Online olvashat\u00f3<\/h2>\n\n\n\n<ul class=\"wp-block-list\">\n<li><strong><a href=\"https:\/\/www.facebook.com\/permalink.php?story_fbid=pfbid0s4Bx6QHU5qGg51xpuaPqXLMcUDxVoV31tDhFjvaTdACn6MkVYbXGEEDuRLK6b5exl&amp;id=100087281449295\" target=\"_blank\" rel=\"noopener\" title=\"\">Az utols\u00f3 \u00fat<\/a><\/strong> (kar\u00e1csonyi novella), <a href=\"https:\/\/www.facebook.com\/profile.php?id=100087281449295&amp;__cft__[0]=AZVMma7DuxCYhWG7wtKiO-RyiYQu6Kc6yY6y6CcFdxSWv4kg_mxEUtPFLa5rENMzaTZUmrVWphbVf3dmyx9acSk1U_kIehpQ984d78NIctUt3LK7Hj33ZJKAZKGzHIROzlmXZdb33mASsYi1MzNfiBDP3FaF3byeP3tZSmwGdgS3AqjEHhN2TFcZLuOL85c02gY&amp;__tn__=-]K-R\">Irodalmi meg\u00e1ll\u00f3<\/a>, 2023 <\/li>\n\n\n\n<li><strong><a href=\"https:\/\/nepszava.hu\/3181570_kazo-horvath-dora-lajos\" target=\"_blank\" rel=\"noopener\" title=\"\">Lajos<\/a><\/strong>, N\u00e9pszava (Nyitott mondat) 2023. janu\u00e1r 13., szerkeszt\u0151: R\u00e1cz I. P\u00e9ter<\/li>\n\n\n\n<li><strong><a href=\"https:\/\/www.facebook.com\/permalink.php?story_fbid=pfbid0Tip98V5pQuyoFhUuKzvBY3fhgVn47D1EX6AxfP1NL8AXgaGzFnW4japCH7pnLKGml&amp;id=100066508029027\" target=\"_blank\" rel=\"noopener\" title=\"\">Mit csin\u00e1l az \u00e9letk\u00f6zepi v\u00e1ls\u00e1gom, ha senki se l\u00e1tja?<\/a><\/strong>, Sz\u00f3banforg\u00f3, 2023<\/li>\n\n\n\n<li><strong><a href=\"https:\/\/www.facebook.com\/permalink.php?story_fbid=pfbid02QKgshStTGpgCGHbrtQqz2GYxoEuXQLAHNXbKrWunMq2rwyLX8WSc29pFd9F4VQEGl&amp;id=100066508029027\" target=\"_blank\" rel=\"noopener\" title=\"\">Poros b\u00e1rsony<\/a><\/strong>, Sz\u00f3banforg\u00f3, 2023<\/li>\n\n\n\n<li><strong><a href=\"https:\/\/www.facebook.com\/permalink.php?story_fbid=pfbid02oFKbLvnYB8YzhBSMyZeAwgfBPhXRG1Nn1SD5i86b1SEZxgguusx4pwBtsgQGXmpel&amp;id=100063927008379\" target=\"_blank\" rel=\"noopener\" title=\"\">Horror 200 sz\u00f3ban<\/a>,<\/strong> Aranymos\u00e1s Irodalmi Magazin, 2022<\/li>\n\n\n\n<li><strong><a href=\"https:\/\/petoczandrasblog.blogspot.com\/2021\/03\/szepiroi-kurzus-2021tavasz26-kazo.html\" target=\"_blank\" rel=\"noopener\" title=\"\">A f\u00e9rfi, aki szerelemre v\u00e1gyott<\/a><\/strong>, <a href=\"https:\/\/petoczandrasblog.blogspot.com\/\">Pet\u0151cz Andr\u00e1s napl\u00f3ja<\/a>, 2021<\/li>\n\n\n\n<li><strong><a href=\"https:\/\/www.facebook.com\/literaturamuveszetimagazin\/posts\/pfbid027SjEEjShNRkrk5gkHFvXZqkk3jG5Jowm4M8xK4FUfVvaEdFyCbd2KFWBPEBBdLusl\" target=\"_blank\" rel=\"noopener\" title=\"\">A munka \u00f6r\u00f6me<\/a><\/strong>, Litera-T\u00fara M\u0171v\u00e9szeti Magazin, 2021<\/li>\n\n\n\n<li><strong><a href=\"https:\/\/www.facebook.com\/literaturamuveszetimagazin\/posts\/pfbid0UGvPg4yZMUHB8AaHuPA7gESnNGXbLaCoj2YaHAJkiW4BGekgicfetL7rqZ5J9qWMl\" target=\"_blank\" rel=\"noopener\" title=\"\">Miel\u0151tt<\/a><\/strong>, Litera-T\u00fara M\u0171v\u00e9szeti Magazin, 2021<\/li>\n\n\n\n<li><strong><a href=\"https:\/\/www.facebook.com\/literaturamuveszetimagazin\/posts\/pfbid0UGvPg4yZMUHB8AaHuPA7gESnNGXbLaCoj2YaHAJkiW4BGekgicfetL7rqZ5J9qWMl\" target=\"_blank\" rel=\"noopener\" title=\"\">Levi<\/a><\/strong>, Litera-T\u00fara M\u0171v\u00e9szeti Magazin, 2021<\/li>\n<\/ul>\n\n\n\n<h2 class=\"wp-block-heading\">Online hallgathat\u00f3<\/h2>\n\n\n\n<ul class=\"wp-block-list\">\n<li><a href=\"https:\/\/www.youtube.com\/watch?v=5yY6AcEq4Y8\" target=\"_blank\" rel=\"noopener\" title=\"\">Viharsz\u00edn &#8211; Mesef\u00fcles Zs\u00f3fival el\u0151ad\u00e1s\u00e1ban<\/a><\/li>\n\n\n\n<li><a href=\"https:\/\/www.youtube.com\/watch?v=WkgjznvhBBM\" target=\"_blank\" rel=\"noopener\" title=\"\">A k\u0151v\u00e9 v\u00e1lt l\u00e1nyka &#8211; Mesef\u00fcles Zs\u00f3fival el\u0151ad\u00e1s\u00e1ban<\/a><\/li>\n<\/ul>\n\n\n\n<h2 class=\"wp-block-heading\">Idegen nyelv\u0171<\/h2>\n\n\n\n<ul class=\"wp-block-list\">\n<li><strong><a href=\"https:\/\/www.grimandgilded.com\/kaz-horvth-dra\" target=\"_blank\" rel=\"noopener\" title=\"\">A Forest of Redwood<\/a>,<\/strong> Grim &amp; Gilded, 2023, <a href=\"http:\/\/inkmapsandmacarons.com\/en\/\" target=\"_blank\" rel=\"noopener\" title=\"\">S\u00fct\u0151 Fanni<\/a> ford\u00edt\u00e1s\u00e1ban.<\/li>\n<\/ul>\n\n\n\n<h2 class=\"wp-block-heading\">Interj\u00fak<\/h2>\n\n\n\n<ul class=\"wp-block-list\">\n<li><strong><a href=\"https:\/\/piszkeweblap.wixsite.com\/piszke\/post\/piszke-interj%C3%BAk-s%C3%BCt%C5%91-fanni\" target=\"_blank\" rel=\"noopener\" title=\"\">PISZKE-interj\u00fak: S\u00fct\u0151 Fanni<\/a><\/strong>, 2020<\/li>\n\n\n\n<li><strong><a href=\"https:\/\/piszkeweblap.wixsite.com\/piszke\/post\/piszke-interj%C3%BAk-kleinheincz-csilla\" target=\"_blank\" rel=\"noopener\" title=\"\">PISZKE-interj\u00fak: Kleinheincz Csilla<\/a><\/strong>, 2020<\/li>\n\n\n\n<li><strong><a href=\"https:\/\/piszkeweblap.wixsite.com\/piszke\/post\/piszke-interj%C3%BAk-kiss-gabriella\" target=\"_blank\" rel=\"noopener\" title=\"\">PISZKE-interj\u00fak: Kiss Gabriella<\/a><\/strong>, 2020<\/li>\n<\/ul>\n","protected":false},"excerpt":{"rendered":"<p>Antol\u00f3gia Foly\u00f3irat Nyomtat\u00e1sban Online olvashat\u00f3 Online hallgathat\u00f3 Idegen nyelv\u0171 Interj\u00fak<\/p>\n","protected":false},"author":1,"featured_media":0,"parent":0,"menu_order":1,"comment_status":"closed","ping_status":"closed","template":"","meta":{"_monsterinsights_skip_tracking":false,"_monsterinsights_sitenote_active":false,"_monsterinsights_sitenote_note":"","_monsterinsights_sitenote_category":0,"footnotes":""},"class_list":["post-9","page","type-page","status-publish","hentry"],"aioseo_notices":[],"_links":{"self":[{"href":"https:\/\/khd.hu\/index.php?rest_route=\/wp\/v2\/pages\/9","targetHints":{"allow":["GET"]}}],"collection":[{"href":"https:\/\/khd.hu\/index.php?rest_route=\/wp\/v2\/pages"}],"about":[{"href":"https:\/\/khd.hu\/index.php?rest_route=\/wp\/v2\/types\/page"}],"author":[{"embeddable":true,"href":"https:\/\/khd.hu\/index.php?rest_route=\/wp\/v2\/users\/1"}],"replies":[{"embeddable":true,"href":"https:\/\/khd.hu\/index.php?rest_route=%2Fwp%2Fv2%2Fcomments&post=9"}],"version-history":[{"count":24,"href":"https:\/\/khd.hu\/index.php?rest_route=\/wp\/v2\/pages\/9\/revisions"}],"predecessor-version":[{"id":159,"href":"https:\/\/khd.hu\/index.php?rest_route=\/wp\/v2\/pages\/9\/revisions\/159"}],"wp:attachment":[{"href":"https:\/\/khd.hu\/index.php?rest_route=%2Fwp%2Fv2%2Fmedia&parent=9"}],"curies":[{"name":"wp","href":"https:\/\/api.w.org\/{rel}","templated":true}]}}